{"id":681,"date":"2017-07-24T08:24:04","date_gmt":"2017-07-24T08:24:04","guid":{"rendered":"https:\/\/haus.attp.tuwien.ac.at\/?page_id=681"},"modified":"2017-07-24T08:24:04","modified_gmt":"2017-07-24T08:24:04","slug":"architecture","status":"publish","type":"page","link":"https:\/\/h-a-u-s.org\/index.php\/architecture\/","title":{"rendered":"Architecture"},"content":{"rendered":"\n<!-- NOTE: If you need to make changes to this file, copy it to your current theme's main\n\tdirectory so your changes won't be overwritten when the plugin is upgraded. -->\n\n<!-- Post Wrap Start-->\n<div class=\"post hentry ivycat-post\">\n\n\t<!-- \tThis outputs the post TITLE -->\n\t<h2 class=\"entry-title\"><a href=\"https:\/\/h-a-u-s.org\/index.php\/2020\/06\/15\/upcoming-workshop-at-international-research-conference-robophilosophy-2020\/\">upcoming > Workshop at \u201cInternational Research Conference Robophilosophy 2020\u201d<\/a><\/h2>\n\n\t<!-- \tThis outputs the post EXCERPT.  To display full content including images and html,\n\t\treplace the_excerpt(); with the_content();  below. -->\n\t<div class=\"entry-summary\">\n\t\t<p>Happy to announce that we are going to offer a workshop at the Robophilosophy conference again! Robotic and artificial intelligent artefacts are continuously being introduced more and more into the&hellip;<\/p>\n\t<\/div>\n\n\t<!--\tThis outputs the post META information -->\n\t<div class=\"entry-utility\">\n\t\t\t\t\t<span class=\"cat-links\">\n\t\t\t\t<span class=\"entry-utility-prep entry-utility-prep-cat-links\">Posted in<\/span> <a href=\"https:\/\/h-a-u-s.org\/index.php\/category\/architecture\/\" rel=\"category tag\">Architecture<\/a>, <a href=\"https:\/\/h-a-u-s.org\/index.php\/category\/art\/\" rel=\"category tag\">Art<\/a>, <a href=\"https:\/\/h-a-u-s.org\/index.php\/category\/artificial-intelligence\/\" rel=\"category tag\">Artificial Intelligence<\/a>, <a href=\"https:\/\/h-a-u-s.org\/index.php\/category\/conference\/\" rel=\"category tag\">Conference<\/a>, <a href=\"https:\/\/h-a-u-s.org\/index.php\/category\/darja-stoeva\/\" rel=\"category tag\">Darja Stoeva<\/a>, <a href=\"https:\/\/h-a-u-s.org\/index.php\/category\/discourse\/\" rel=\"category tag\">Discourse<\/a>, <a href=\"https:\/\/h-a-u-s.org\/index.php\/category\/eva-maria-kraft\/\" rel=\"category tag\">Eva-Maria Kraft<\/a>, <a href=\"https:\/\/h-a-u-s.org\/index.php\/category\/event\/\" rel=\"category tag\">Event<\/a>, <a href=\"https:\/\/h-a-u-s.org\/index.php\/category\/helena-frijns\/\" rel=\"category tag\">Helena Frijns<\/a>, <a href=\"https:\/\/h-a-u-s.org\/index.php\/category\/lecture\/\" rel=\"category tag\">Lecture<\/a>, <a href=\"https:\/\/h-a-u-s.org\/index.php\/category\/oliver-schurer\/\" rel=\"category tag\">Oliver Sch\u00fcrer<\/a>, <a href=\"https:\/\/h-a-u-s.org\/index.php\/category\/performance\/\" rel=\"category tag\">Performance<\/a>, <a href=\"https:\/\/h-a-u-s.org\/index.php\/category\/robophilosophy-conference-2020\/\" rel=\"category tag\">Robophilosophy Conference 2020<\/a>, <a href=\"https:\/\/h-a-u-s.org\/index.php\/category\/thomas-a-pichler\/\" rel=\"category tag\">Thomas A. Pichler<\/a>\t\t\t<\/span>\n\t\t\t<span class=\"meta-sep\">|<\/span>\n\t\t\t\t\t\t\t<span class=\"tag-links\">\n\t\t\t\t<span class=\"entry-utility-prep entry-utility-prep-tag-links\">Tagged<\/span> <a href=\"https:\/\/h-a-u-s.org\/index.php\/tag\/darja-stoeva\/\" rel=\"tag\">Darja Stoeva<\/a>, <a href=\"https:\/\/h-a-u-s.org\/index.php\/tag\/eva-maria-kraft\/\" rel=\"tag\">Eva-Maria Kraft<\/a>, <a href=\"https:\/\/h-a-u-s.org\/index.php\/tag\/helena-frijns\/\" rel=\"tag\">Helena Frijns<\/a>, <a href=\"https:\/\/h-a-u-s.org\/index.php\/tag\/lecture\/\" rel=\"tag\">lecture<\/a>, <a href=\"https:\/\/h-a-u-s.org\/index.php\/tag\/oliver-schurer\/\" rel=\"tag\">Oliver Sch\u00fcrer<\/a>, <a href=\"https:\/\/h-a-u-s.org\/index.php\/tag\/performance\/\" rel=\"tag\">Performance<\/a>, <a href=\"https:\/\/h-a-u-s.org\/index.php\/tag\/thomas-a-pichler\/\" rel=\"tag\">Thomas A. Pichler<\/a>, <a href=\"https:\/\/h-a-u-s.org\/index.php\/tag\/workshop\/\" rel=\"tag\">workshop<\/a>\t\t\t<\/span>\n\t\t\t<span class=\"meta-sep\">|<\/span>\n\t\t\t\t<span class=\"comments-link\">\n\t\t\t<span>Comments Off<span class=\"screen-reader-text\"> on upcoming > Workshop at \u201cInternational Research Conference Robophilosophy 2020\u201d<\/span><\/span>\t\t<\/span>\n\t\t\t<\/div>\n<\/div>\n<!-- \/\/ Post Wrap End -->\n\n<!-- NOTE: If you need to make changes to this file, copy it to your current theme's main\n\tdirectory so your changes won't be overwritten when the plugin is upgraded. -->\n\n<!-- Post Wrap Start-->\n<div class=\"post hentry ivycat-post\">\n\n\t<!-- \tThis outputs the post TITLE -->\n\t<h2 class=\"entry-title\"><a href=\"https:\/\/h-a-u-s.org\/index.php\/2020\/03\/15\/postponed-lecture-and-performance-at-the-folkwang-museum\/\">postponed due to covid 19 > Lecture and performance at the Folkwang Museum<\/a><\/h2>\n\n\t<!-- \tThis outputs the post EXCERPT.  To display full content including images and html,\n\t\treplace the_excerpt(); with the_content();  below. -->\n\t<div class=\"entry-summary\">\n\t\t<p>Both events are postponed. We are looking forward to continue! The evening before Eva-Maria and Oliver had talked to the curator on the phone to clarify whether the lecture and&hellip;<\/p>\n\t<\/div>\n\n\t<!--\tThis outputs the post META information -->\n\t<div class=\"entry-utility\">\n\t\t\t\t\t<span class=\"cat-links\">\n\t\t\t\t<span class=\"entry-utility-prep entry-utility-prep-cat-links\">Posted in<\/span> <a href=\"https:\/\/h-a-u-s.org\/index.php\/category\/architecture\/\" rel=\"category tag\">Architecture<\/a>, <a href=\"https:\/\/h-a-u-s.org\/index.php\/category\/art\/\" rel=\"category tag\">Art<\/a>, <a href=\"https:\/\/h-a-u-s.org\/index.php\/category\/artificial-intelligence\/\" rel=\"category tag\">Artificial Intelligence<\/a>, <a href=\"https:\/\/h-a-u-s.org\/index.php\/category\/eva-maria-kraft\/\" rel=\"category tag\">Eva-Maria Kraft<\/a>, <a href=\"https:\/\/h-a-u-s.org\/index.php\/category\/lecture\/\" rel=\"category tag\">Lecture<\/a>, <a href=\"https:\/\/h-a-u-s.org\/index.php\/category\/oliver-schurer\/\" rel=\"category tag\">Oliver Sch\u00fcrer<\/a>, <a href=\"https:\/\/h-a-u-s.org\/index.php\/category\/performance\/\" rel=\"category tag\">Performance<\/a>\t\t\t<\/span>\n\t\t\t<span class=\"meta-sep\">|<\/span>\n\t\t\t\t\t\t\t<span class=\"tag-links\">\n\t\t\t\t<span class=\"entry-utility-prep entry-utility-prep-tag-links\">Tagged<\/span> <a href=\"https:\/\/h-a-u-s.org\/index.php\/tag\/eva-maria-kraft\/\" rel=\"tag\">Eva-Maria Kraft<\/a>, <a href=\"https:\/\/h-a-u-s.org\/index.php\/tag\/lecture\/\" rel=\"tag\">lecture<\/a>, <a href=\"https:\/\/h-a-u-s.org\/index.php\/tag\/oliver-schurer\/\" rel=\"tag\">Oliver Sch\u00fcrer<\/a>, <a href=\"https:\/\/h-a-u-s.org\/index.php\/tag\/performance\/\" rel=\"tag\">Performance<\/a>\t\t\t<\/span>\n\t\t\t<span class=\"meta-sep\">|<\/span>\n\t\t\t\t<span class=\"comments-link\">\n\t\t\t<span>Comments Off<span class=\"screen-reader-text\"> on postponed due to covid 19 > Lecture and performance at the Folkwang Museum<\/span><\/span>\t\t<\/span>\n\t\t\t<\/div>\n<\/div>\n<!-- \/\/ Post Wrap End -->\n\n<!-- NOTE: If you need to make changes to this file, copy it to your current theme's main\n\tdirectory so your changes won't be overwritten when the plugin is upgraded. -->\n\n<!-- Post Wrap Start-->\n<div class=\"post hentry ivycat-post\">\n\n\t<!-- \tThis outputs the post TITLE -->\n\t<h2 class=\"entry-title\"><a href=\"https:\/\/h-a-u-s.org\/index.php\/2020\/01\/19\/upcoming-lecture-and-performance-at-the-folkwang-museum-essen\/\">upcoming > Lecture and performance at the Folkwang Museum 12+14.3.20<\/a><\/h2>\n\n\t<!-- \tThis outputs the post EXCERPT.  To display full content including images and html,\n\t\treplace the_excerpt(); with the_content();  below. -->\n\t<div class=\"entry-summary\">\n\t\t<p>H.A.U.S. double-feature in the context of the Exhibition &#8220;The Assembled Human&#8221;,Ausstellung &#8220;Der montierte Mensch&#8221;, 8. November 2019 \u2013 15. March 2020,at the Folkwang Museum.Events at the exhibition Automatisms and Architecture:&hellip;<\/p>\n\t<\/div>\n\n\t<!--\tThis outputs the post META information -->\n\t<div class=\"entry-utility\">\n\t\t\t\t\t<span class=\"cat-links\">\n\t\t\t\t<span class=\"entry-utility-prep entry-utility-prep-cat-links\">Posted in<\/span> <a href=\"https:\/\/h-a-u-s.org\/index.php\/category\/architecture\/\" rel=\"category tag\">Architecture<\/a>, <a href=\"https:\/\/h-a-u-s.org\/index.php\/category\/art\/\" rel=\"category tag\">Art<\/a>, <a href=\"https:\/\/h-a-u-s.org\/index.php\/category\/darja-stoeva\/\" rel=\"category tag\">Darja Stoeva<\/a>, <a href=\"https:\/\/h-a-u-s.org\/index.php\/category\/eva-maria-kraft\/\" rel=\"category tag\">Eva-Maria Kraft<\/a>, <a href=\"https:\/\/h-a-u-s.org\/index.php\/category\/helena-frijns\/\" rel=\"category tag\">Helena Frijns<\/a>, <a href=\"https:\/\/h-a-u-s.org\/index.php\/category\/oliver-schurer\/\" rel=\"category tag\">Oliver Sch\u00fcrer<\/a>, <a href=\"https:\/\/h-a-u-s.org\/index.php\/category\/thomas-a-pichler\/\" rel=\"category tag\">Thomas A. Pichler<\/a>\t\t\t<\/span>\n\t\t\t<span class=\"meta-sep\">|<\/span>\n\t\t\t\t\t\t\t<span class=\"tag-links\">\n\t\t\t\t<span class=\"entry-utility-prep entry-utility-prep-tag-links\">Tagged<\/span> <a href=\"https:\/\/h-a-u-s.org\/index.php\/tag\/darja-stoeva\/\" rel=\"tag\">Darja Stoeva<\/a>, <a href=\"https:\/\/h-a-u-s.org\/index.php\/tag\/eva-maria-kraft\/\" rel=\"tag\">Eva-Maria Kraft<\/a>, <a href=\"https:\/\/h-a-u-s.org\/index.php\/tag\/helena-frijns\/\" rel=\"tag\">Helena Frijns<\/a>, <a href=\"https:\/\/h-a-u-s.org\/index.php\/tag\/lecture\/\" rel=\"tag\">lecture<\/a>, <a href=\"https:\/\/h-a-u-s.org\/index.php\/tag\/oliver-schurer\/\" rel=\"tag\">Oliver Sch\u00fcrer<\/a>, <a href=\"https:\/\/h-a-u-s.org\/index.php\/tag\/performance\/\" rel=\"tag\">Performance<\/a>\t\t\t<\/span>\n\t\t\t<span class=\"meta-sep\">|<\/span>\n\t\t\t\t<span class=\"comments-link\">\n\t\t\t<span>Comments Off<span class=\"screen-reader-text\"> on upcoming > Lecture and performance at the Folkwang Museum 12+14.3.20<\/span><\/span>\t\t<\/span>\n\t\t\t<\/div>\n<\/div>\n<!-- \/\/ Post Wrap End -->\n\n<!-- NOTE: If you need to make changes to this file, copy it to your current theme's main\n\tdirectory so your changes won't be overwritten when the plugin is upgraded. -->\n\n<!-- Post Wrap Start-->\n<div class=\"post hentry ivycat-post\">\n\n\t<!-- \tThis outputs the post TITLE -->\n\t<h2 class=\"entry-title\"><a href=\"https:\/\/h-a-u-s.org\/index.php\/2019\/10\/18\/itten-atem-roboter-26-10-19\/\">\ufeffITTEN, BREATH, ROBOT &#8211; impro robot dance performance &#8211; 26.10.19<\/a><\/h2>\n\n\t<!-- \tThis outputs the post EXCERPT.  To display full content including images and html,\n\t\treplace the_excerpt(); with the_content();  below. -->\n\t<div class=\"entry-summary\">\n\t\t<p>Text deutsch weiter unten in Kurz- und Langform. ITTEN, BREATH, ROBOT two performances on the re-invention of the human body. Today we are experiencing massive socio-technical changes. Our bodies face&hellip;<\/p>\n\t<\/div>\n\n\t<!--\tThis outputs the post META information -->\n\t<div class=\"entry-utility\">\n\t\t\t\t\t<span class=\"cat-links\">\n\t\t\t\t<span class=\"entry-utility-prep entry-utility-prep-cat-links\">Posted in<\/span> <a href=\"https:\/\/h-a-u-s.org\/index.php\/category\/architecture\/\" rel=\"category tag\">Architecture<\/a>, <a href=\"https:\/\/h-a-u-s.org\/index.php\/category\/art\/\" rel=\"category tag\">Art<\/a>, <a href=\"https:\/\/h-a-u-s.org\/index.php\/category\/artificial-intelligence\/\" rel=\"category tag\">Artificial Intelligence<\/a>, <a href=\"https:\/\/h-a-u-s.org\/index.php\/category\/christoph-hubatschke\/\" rel=\"category tag\">Christoph Hubatschke<\/a>, <a href=\"https:\/\/h-a-u-s.org\/index.php\/category\/clara-haider\/\" rel=\"category tag\">Clara Haider<\/a>, <a href=\"https:\/\/h-a-u-s.org\/index.php\/category\/darja-stoeva\/\" rel=\"category tag\">Darja Stoeva<\/a>, <a href=\"https:\/\/h-a-u-s.org\/index.php\/category\/eva-maria-kraft\/\" rel=\"category tag\">Eva-Maria Kraft<\/a>, <a href=\"https:\/\/h-a-u-s.org\/index.php\/category\/helena-frijns\/\" rel=\"category tag\">Helena Frijns<\/a>, <a href=\"https:\/\/h-a-u-s.org\/index.php\/category\/machina\/\" rel=\"category tag\">Machina<\/a>, <a href=\"https:\/\/h-a-u-s.org\/index.php\/category\/matthias-hirschmanner\/\" rel=\"category tag\">Matthias Hirschmanner<\/a>, <a href=\"https:\/\/h-a-u-s.org\/index.php\/category\/oliver-schurer\/\" rel=\"category tag\">Oliver Sch\u00fcrer<\/a>, <a href=\"https:\/\/h-a-u-s.org\/index.php\/category\/performance\/\" rel=\"category tag\">Performance<\/a>, <a href=\"https:\/\/h-a-u-s.org\/index.php\/category\/thomas-a-pichler\/\" rel=\"category tag\">Thomas A. Pichler<\/a>\t\t\t<\/span>\n\t\t\t<span class=\"meta-sep\">|<\/span>\n\t\t\t\t\t\t\t<span class=\"tag-links\">\n\t\t\t\t<span class=\"entry-utility-prep entry-utility-prep-tag-links\">Tagged<\/span> <a href=\"https:\/\/h-a-u-s.org\/index.php\/tag\/christoph-hubatschke\/\" rel=\"tag\">Christoph Hubatschke<\/a>, <a href=\"https:\/\/h-a-u-s.org\/index.php\/tag\/eva-maria-kraft\/\" rel=\"tag\">Eva-Maria Kraft<\/a>, <a href=\"https:\/\/h-a-u-s.org\/index.php\/tag\/machina\/\" rel=\"tag\">machina<\/a>, <a href=\"https:\/\/h-a-u-s.org\/index.php\/tag\/oliver-schurer\/\" rel=\"tag\">Oliver Sch\u00fcrer<\/a>, <a href=\"https:\/\/h-a-u-s.org\/index.php\/tag\/performance\/\" rel=\"tag\">Performance<\/a>, <a href=\"https:\/\/h-a-u-s.org\/index.php\/tag\/thomas-a-pichler\/\" rel=\"tag\">Thomas A. Pichler<\/a>\t\t\t<\/span>\n\t\t\t<span class=\"meta-sep\">|<\/span>\n\t\t\t\t<span class=\"comments-link\">\n\t\t\t<span>Comments Off<span class=\"screen-reader-text\"> on \ufeffITTEN, BREATH, ROBOT &#8211; impro robot dance performance &#8211; 26.10.19<\/span><\/span>\t\t<\/span>\n\t\t\t<\/div>\n<\/div>\n<!-- \/\/ Post Wrap End -->\n\n<!-- NOTE: If you need to make changes to this file, copy it to your current theme's main\n\tdirectory so your changes won't be overwritten when the plugin is upgraded. -->\n\n<!-- Post Wrap Start-->\n<div class=\"post hentry ivycat-post\">\n\n\t<!-- \tThis outputs the post TITLE -->\n\t<h2 class=\"entry-title\"><a href=\"https:\/\/h-a-u-s.org\/index.php\/2019\/06\/29\/posthuman-flux-2\/\">Posthuman Flux, Tanz-Performance < Ningy\u014d-buri> aus dem Doppelg\u00e4nger Zyklus, Galerie Spitzer\/Odeon Theater (13-27.6.2019)<\/a><\/h2>\n\n\t<!-- \tThis outputs the post EXCERPT.  To display full content including images and html,\n\t\treplace the_excerpt(); with the_content();  below. -->\n\t<div class=\"entry-summary\">\n\t\t<p>Tanz-Performance &lt; Ningy\u014d-buri&gt; aus dem Doppelg\u00e4nger Zyklus Von\/mit der transdisziplin\u00e4ren Forschungsgruppe H.A.U.S. (Humanoids in Architecture and Urban Spaces). Roboter und k\u00fcnstliche Intelligenz sind angetreten immer mehr Teil unseres privaten, ja&hellip;<\/p>\n\t<\/div>\n\n\t<!--\tThis outputs the post META information -->\n\t<div class=\"entry-utility\">\n\t\t\t\t\t<span class=\"cat-links\">\n\t\t\t\t<span class=\"entry-utility-prep entry-utility-prep-cat-links\">Posted in<\/span> <a href=\"https:\/\/h-a-u-s.org\/index.php\/category\/architecture\/\" rel=\"category tag\">Architecture<\/a>, <a href=\"https:\/\/h-a-u-s.org\/index.php\/category\/art\/\" rel=\"category tag\">Art<\/a>, <a href=\"https:\/\/h-a-u-s.org\/index.php\/category\/christoph-hubatschke\/\" rel=\"category tag\">Christoph Hubatschke<\/a>, <a href=\"https:\/\/h-a-u-s.org\/index.php\/category\/christoph-muller\/\" rel=\"category tag\">Christoph M\u00fcller<\/a>, <a href=\"https:\/\/h-a-u-s.org\/index.php\/category\/darja-stoeva\/\" rel=\"category tag\">Darja Stoeva<\/a>, <a href=\"https:\/\/h-a-u-s.org\/index.php\/category\/discourse\/\" rel=\"category tag\">Discourse<\/a>, <a href=\"https:\/\/h-a-u-s.org\/index.php\/category\/eva-maria-kraft\/\" rel=\"category tag\">Eva-Maria Kraft<\/a>, <a href=\"https:\/\/h-a-u-s.org\/index.php\/category\/event\/\" rel=\"category tag\">Event<\/a>, <a href=\"https:\/\/h-a-u-s.org\/index.php\/category\/helena-frijns\/\" rel=\"category tag\">Helena Frijns<\/a>, <a href=\"https:\/\/h-a-u-s.org\/index.php\/category\/oliver-schurer\/\" rel=\"category tag\">Oliver Sch\u00fcrer<\/a>, <a href=\"https:\/\/h-a-u-s.org\/index.php\/category\/performance\/\" rel=\"category tag\">Performance<\/a>, <a href=\"https:\/\/h-a-u-s.org\/index.php\/category\/rupert-huber\/\" rel=\"category tag\">Rupert Huber<\/a>, <a href=\"https:\/\/h-a-u-s.org\/index.php\/category\/video\/\" rel=\"category tag\">Video<\/a>\t\t\t<\/span>\n\t\t\t<span class=\"meta-sep\">|<\/span>\n\t\t\t\t\t\t\t<span class=\"tag-links\">\n\t\t\t\t<span class=\"entry-utility-prep entry-utility-prep-tag-links\">Tagged<\/span> <a href=\"https:\/\/h-a-u-s.org\/index.php\/tag\/christoph-hubatschke\/\" rel=\"tag\">Christoph Hubatschke<\/a>, <a href=\"https:\/\/h-a-u-s.org\/index.php\/tag\/christoph-muller\/\" rel=\"tag\">Christoph M\u00fcller<\/a>, <a href=\"https:\/\/h-a-u-s.org\/index.php\/tag\/darja-stoeva\/\" rel=\"tag\">Darja Stoeva<\/a>, <a href=\"https:\/\/h-a-u-s.org\/index.php\/tag\/doppelganger-cycle\/\" rel=\"tag\">Doppelganger cycle<\/a>, <a href=\"https:\/\/h-a-u-s.org\/index.php\/tag\/eva-maria-kraft\/\" rel=\"tag\">Eva-Maria Kraft<\/a>, <a href=\"https:\/\/h-a-u-s.org\/index.php\/tag\/helena-frijns\/\" rel=\"tag\">Helena Frijns<\/a>, <a href=\"https:\/\/h-a-u-s.org\/index.php\/tag\/oliver-schurer\/\" rel=\"tag\">Oliver Sch\u00fcrer<\/a>, <a href=\"https:\/\/h-a-u-s.org\/index.php\/tag\/performance\/\" rel=\"tag\">Performance<\/a>, <a href=\"https:\/\/h-a-u-s.org\/index.php\/tag\/sebastian-michael\/\" rel=\"tag\">Sebastian Michael<\/a>, <a href=\"https:\/\/h-a-u-s.org\/index.php\/tag\/thomas-jelinek\/\" rel=\"tag\">Thomas Jelinek<\/a>\t\t\t<\/span>\n\t\t\t<span class=\"meta-sep\">|<\/span>\n\t\t\t\t<span class=\"comments-link\">\n\t\t\t<span>Comments Off<span class=\"screen-reader-text\"> on Posthuman Flux, Tanz-Performance < Ningy\u014d-buri> aus dem Doppelg\u00e4nger Zyklus, Galerie Spitzer\/Odeon Theater (13-27.6.2019)<\/span><\/span>\t\t<\/span>\n\t\t\t<\/div>\n<\/div>\n<!-- \/\/ Post Wrap End -->\n\n<!-- NOTE: If you need to make changes to this file, copy it to your current theme's main\n\tdirectory so your changes won't be overwritten when the plugin is upgraded. -->\n\n<!-- Post Wrap Start-->\n<div class=\"post hentry ivycat-post\">\n\n\t<!-- \tThis outputs the post TITLE -->\n\t<h2 class=\"entry-title\"><a href=\"https:\/\/h-a-u-s.org\/index.php\/2019\/06\/25\/upcoming-tanz-performance-mit-gesprach-robotik-ki-und-forschung-in-performance-und-raum-kunst\/\">upcoming> Tanz-Performance cycle 7, mit  Gespr\u00e4ch Robotik, KI und Forschung in Performance- und Raumkunst<\/a><\/h2>\n\n\t<!-- \tThis outputs the post EXCERPT.  To display full content including images and html,\n\t\treplace the_excerpt(); with the_content();  below. -->\n\t<div class=\"entry-summary\">\n\t\t<p>eine interaktive Ausstellung, transdisziplin\u00e4res Forschungslabor, Ort des Diskurses und B\u00fchne f\u00fcr Tanzperformance cycle 7. 27.6. Galerie Spitzer\/Odeon Theater. 27.6.201919h Ankommen19:30 Tanz-Performance (pay as you wish)20h Gespr\u00e4ch20:30 Feier, Finissage Ausstellung Tanz-Performance&hellip;<\/p>\n\t<\/div>\n\n\t<!--\tThis outputs the post META information -->\n\t<div class=\"entry-utility\">\n\t\t\t\t\t<span class=\"cat-links\">\n\t\t\t\t<span class=\"entry-utility-prep entry-utility-prep-cat-links\">Posted in<\/span> <a href=\"https:\/\/h-a-u-s.org\/index.php\/category\/architecture\/\" rel=\"category tag\">Architecture<\/a>, <a href=\"https:\/\/h-a-u-s.org\/index.php\/category\/art\/\" rel=\"category tag\">Art<\/a>, <a href=\"https:\/\/h-a-u-s.org\/index.php\/category\/christoph-hubatschke\/\" rel=\"category tag\">Christoph Hubatschke<\/a>, <a href=\"https:\/\/h-a-u-s.org\/index.php\/category\/christoph-muller\/\" rel=\"category tag\">Christoph M\u00fcller<\/a>, <a href=\"https:\/\/h-a-u-s.org\/index.php\/category\/darja-stoeva\/\" rel=\"category tag\">Darja Stoeva<\/a>, <a href=\"https:\/\/h-a-u-s.org\/index.php\/category\/discourse\/\" rel=\"category tag\">Discourse<\/a>, <a href=\"https:\/\/h-a-u-s.org\/index.php\/category\/eva-maria-kraft\/\" rel=\"category tag\">Eva-Maria Kraft<\/a>, <a href=\"https:\/\/h-a-u-s.org\/index.php\/category\/event\/\" rel=\"category tag\">Event<\/a>, <a href=\"https:\/\/h-a-u-s.org\/index.php\/category\/helena-frijns\/\" rel=\"category tag\">Helena Frijns<\/a>, <a href=\"https:\/\/h-a-u-s.org\/index.php\/category\/oliver-schurer\/\" rel=\"category tag\">Oliver Sch\u00fcrer<\/a>, <a href=\"https:\/\/h-a-u-s.org\/index.php\/category\/performance\/\" rel=\"category tag\">Performance<\/a>, <a href=\"https:\/\/h-a-u-s.org\/index.php\/category\/rupert-huber\/\" rel=\"category tag\">Rupert Huber<\/a>\t\t\t<\/span>\n\t\t\t<span class=\"meta-sep\">|<\/span>\n\t\t\t\t\t\t\t<span class=\"tag-links\">\n\t\t\t\t<span class=\"entry-utility-prep entry-utility-prep-tag-links\">Tagged<\/span> <a href=\"https:\/\/h-a-u-s.org\/index.php\/tag\/christoph-hubatschke\/\" rel=\"tag\">Christoph Hubatschke<\/a>, <a href=\"https:\/\/h-a-u-s.org\/index.php\/tag\/christoph-muller\/\" rel=\"tag\">Christoph M\u00fcller<\/a>, <a href=\"https:\/\/h-a-u-s.org\/index.php\/tag\/doppelganger-cycle\/\" rel=\"tag\">Doppelganger cycle<\/a>, <a href=\"https:\/\/h-a-u-s.org\/index.php\/tag\/eva-maria-kraft\/\" rel=\"tag\">Eva-Maria Kraft<\/a>, <a href=\"https:\/\/h-a-u-s.org\/index.php\/tag\/oliver-schurer\/\" rel=\"tag\">Oliver Sch\u00fcrer<\/a>, <a href=\"https:\/\/h-a-u-s.org\/index.php\/tag\/performance\/\" rel=\"tag\">Performance<\/a>\t\t\t<\/span>\n\t\t\t<span class=\"meta-sep\">|<\/span>\n\t\t\t\t<span class=\"comments-link\">\n\t\t\t<span>Comments Off<span class=\"screen-reader-text\"> on upcoming> Tanz-Performance cycle 7, mit  Gespr\u00e4ch Robotik, KI und Forschung in Performance- und Raumkunst<\/span><\/span>\t\t<\/span>\n\t\t\t<\/div>\n<\/div>\n<!-- \/\/ Post Wrap End -->\n\n","protected":false},"excerpt":{"rendered":"","protected":false},"author":2,"featured_media":0,"parent":0,"menu_order":0,"comment_status":"closed","ping_status":"closed","template":"","meta":{"footnotes":""},"class_list":["post-681","page","type-page","status-publish","hentry"],"_links":{"self":[{"href":"https:\/\/h-a-u-s.org\/index.php\/wp-json\/wp\/v2\/pages\/681","targetHints":{"allow":["GET"]}}],"collection":[{"href":"https:\/\/h-a-u-s.org\/index.php\/wp-json\/wp\/v2\/pages"}],"about":[{"href":"https:\/\/h-a-u-s.org\/index.php\/wp-json\/wp\/v2\/types\/page"}],"author":[{"embeddable":true,"href":"https:\/\/h-a-u-s.org\/index.php\/wp-json\/wp\/v2\/users\/2"}],"replies":[{"embeddable":true,"href":"https:\/\/h-a-u-s.org\/index.php\/wp-json\/wp\/v2\/comments?post=681"}],"version-history":[{"count":1,"href":"https:\/\/h-a-u-s.org\/index.php\/wp-json\/wp\/v2\/pages\/681\/revisions"}],"predecessor-version":[{"id":682,"href":"https:\/\/h-a-u-s.org\/index.php\/wp-json\/wp\/v2\/pages\/681\/revisions\/682"}],"wp:attachment":[{"href":"https:\/\/h-a-u-s.org\/index.php\/wp-json\/wp\/v2\/media?parent=681"}],"curies":[{"name":"wp","href":"https:\/\/api.w.org\/{rel}","templated":true}]}}